{"id":43,"date":"2019-03-08T15:24:35","date_gmt":"2019-03-08T14:24:35","guid":{"rendered":"https:\/\/reisen.reudnitzer-reisen.com\/reiseberichte\/?page_id=43"},"modified":"2020-01-13T11:42:09","modified_gmt":"2020-01-13T10:42:09","slug":"reisebericht-katalonien-madrid","status":"publish","type":"page","link":"https:\/\/reisen.reudnitzer-reisen.com\/reiseberichte\/ines-ludwig\/reisebericht-katalonien-madrid\/","title":{"rendered":"Reisebericht Katalonien &amp; Madrid"},"content":{"rendered":"<div id=\"pl-43\"  class=\"panel-layout\" ><div id=\"pg-43-0\"  class=\"panel-grid panel-no-style\" ><div id=\"pgc-43-0-0\"  class=\"panel-grid-cell\" ><div id=\"panel-43-0-0-0\" class=\"so-panel widget widget_media_image panel-first-child panel-last-child\" data-index=\"0\" ><a href=\"https:\/\/reisen.reudnitzer-reisen.com\/reiseberichte\/wp-content\/uploads\/sites\/11\/2019\/03\/SP1.jpg\"><img loading=\"lazy\" decoding=\"async\" width=\"730\" height=\"456\" src=\"https:\/\/reisen.reudnitzer-reisen.com\/reiseberichte\/wp-content\/uploads\/sites\/11\/2019\/03\/SP1-1024x640.jpg\" class=\"image wp-image-241  attachment-large size-large\" alt=\"\" style=\"max-width: 100%; height: auto;\" srcset=\"https:\/\/reisen.reudnitzer-reisen.com\/reiseberichte\/wp-content\/uploads\/sites\/11\/2019\/03\/SP1-1024x640.jpg 1024w, https:\/\/reisen.reudnitzer-reisen.com\/reiseberichte\/wp-content\/uploads\/sites\/11\/2019\/03\/SP1-300x188.jpg 300w, https:\/\/reisen.reudnitzer-reisen.com\/reiseberichte\/wp-content\/uploads\/sites\/11\/2019\/03\/SP1-768x480.jpg 768w, https:\/\/reisen.reudnitzer-reisen.com\/reiseberichte\/wp-content\/uploads\/sites\/11\/2019\/03\/SP1.jpg 1280w\" sizes=\"(max-width: 730px) 100vw, 730px\" \/><\/a><\/div><\/div><div id=\"pgc-43-0-1\"  class=\"panel-grid-cell\" ><div id=\"panel-43-0-1-0\" class=\"so-panel widget widget_media_image panel-first-child panel-last-child\" data-index=\"1\" ><a href=\"https:\/\/reisen.reudnitzer-reisen.com\/reiseberichte\/wp-content\/uploads\/sites\/11\/2019\/03\/sp3.jpg\"><img loading=\"lazy\" decoding=\"async\" width=\"730\" height=\"456\" src=\"https:\/\/reisen.reudnitzer-reisen.com\/reiseberichte\/wp-content\/uploads\/sites\/11\/2019\/03\/sp3-1024x640.jpg\" class=\"image wp-image-243  attachment-large size-large\" alt=\"\" style=\"max-width: 100%; height: auto;\" srcset=\"https:\/\/reisen.reudnitzer-reisen.com\/reiseberichte\/wp-content\/uploads\/sites\/11\/2019\/03\/sp3-1024x640.jpg 1024w, https:\/\/reisen.reudnitzer-reisen.com\/reiseberichte\/wp-content\/uploads\/sites\/11\/2019\/03\/sp3-300x188.jpg 300w, https:\/\/reisen.reudnitzer-reisen.com\/reiseberichte\/wp-content\/uploads\/sites\/11\/2019\/03\/sp3-768x480.jpg 768w, https:\/\/reisen.reudnitzer-reisen.com\/reiseberichte\/wp-content\/uploads\/sites\/11\/2019\/03\/sp3.jpg 1280w\" sizes=\"(max-width: 730px) 100vw, 730px\" \/><\/a><\/div><\/div><div id=\"pgc-43-0-2\"  class=\"panel-grid-cell\" ><div id=\"panel-43-0-2-0\" class=\"so-panel widget widget_media_image panel-first-child panel-last-child\" data-index=\"2\" ><a href=\"https:\/\/reisen.reudnitzer-reisen.com\/reiseberichte\/wp-content\/uploads\/sites\/11\/2019\/03\/sp2.jpg\"><img loading=\"lazy\" decoding=\"async\" width=\"730\" height=\"456\" src=\"https:\/\/reisen.reudnitzer-reisen.com\/reiseberichte\/wp-content\/uploads\/sites\/11\/2019\/03\/sp2-1024x640.jpg\" class=\"image wp-image-242  attachment-large size-large\" alt=\"\" style=\"max-width: 100%; height: auto;\" srcset=\"https:\/\/reisen.reudnitzer-reisen.com\/reiseberichte\/wp-content\/uploads\/sites\/11\/2019\/03\/sp2-1024x640.jpg 1024w, https:\/\/reisen.reudnitzer-reisen.com\/reiseberichte\/wp-content\/uploads\/sites\/11\/2019\/03\/sp2-300x188.jpg 300w, https:\/\/reisen.reudnitzer-reisen.com\/reiseberichte\/wp-content\/uploads\/sites\/11\/2019\/03\/sp2-768x480.jpg 768w, https:\/\/reisen.reudnitzer-reisen.com\/reiseberichte\/wp-content\/uploads\/sites\/11\/2019\/03\/sp2.jpg 1280w\" sizes=\"(max-width: 730px) 100vw, 730px\" \/><\/a><\/div><\/div><\/div><div id=\"pg-43-1\"  class=\"panel-grid panel-no-style\" ><div id=\"pgc-43-1-0\"  class=\"panel-grid-cell\" ><div id=\"panel-43-1-0-0\" class=\"so-panel widget widget_text panel-first-child\" data-index=\"3\" >\t\t\t<div class=\"textwidget\"><p>F\u00fcr mich ging es im September 2018 das erste mal an die K\u00fcste Kataloniens. Ich bin mit der Erwartung hingefahren, Hotelburgen und volle Orte zu sehen, wurde aber wirklich angenehm \u00fcberrascht. Es ist eine sehr sch\u00f6ne Region, die mich sehr \u00fcberzeugt hat und welche ich getrost weiter empfehlen kann.<\/p>\n<p>&nbsp;<\/p>\n<p><strong><u>Cambrils und Salou<\/u><\/strong><\/p>\n<p>Hier hat man einiges an Hotels, aber es verteilt sich ganz gut. Strandliebhaber kommen mit einem sehr sch\u00f6nen Strand und einer ewig langen Strandpromenade mit viel Gesch\u00e4fte und Restaurants voll auf ihre Kosten. Reisende, welche alles gern in Laufn\u00e4he haben m\u00f6chten, sind hier gut aufgehoben.<\/p>\n<p>&nbsp;<\/p>\n<p><strong><u>Lloret de Mar<\/u><\/strong><\/p>\n<p>Wer in seinem Urlaub gerne feiern gehen m\u00f6chte, ist hier genaur richtig. Hier finden man einen Club am anderen. Nichtsdestotrotz hat man auch hier wieder einen sehr sch\u00f6nen Strand. Wer zwischen dem ganzen Trubel einen Ort der Ruhe sucht, wird im Park de Santa Clotilde f\u00fcndig \u2013 man kann ewig Spazieren und hat immer wieder tolles Ausblicke auf das Meer, viele Pflanzen und B\u00e4ume und Pl\u00e4tze zum Verweilen.<\/p>\n<p>&nbsp;<\/p>\n<p><strong><u>Platja D`Aro<\/u><\/strong><\/p>\n<p>Ein sehr sch\u00f6ner kleiner Ort zum Bummeln mit sch\u00f6nen Buchten, sehr gem\u00fctlich und nicht zu gro\u00df. Beim Ort kann man ewig lange oberhalb der K\u00fcste spazieren gehen auf dem Camino de Ronda S`Agaro mit wirklich tollen Aussichten auf das Meer.<\/p>\n<p>&nbsp;<\/p>\n<p><strong><u>Tossa de Mar<\/u><\/strong><\/p>\n<p>Das ist mein absoluter Lieblingsort, von dem was wir gesehen haben. Kleiner Ort mit toller Altstadt, die man auch zum Berg hoch erwandern kann, sch\u00f6ne Buchten mit toller Aussicht. Man findet dort viele Restaurants und Gesch\u00e4fte &#8211; einfach traumhaft dieser Ort.<\/p>\n<p>&nbsp;<\/p>\n<p><strong><u>Weitere sehenswerte Orte f\u00fcr einen Ausflug<\/u><\/strong><\/p>\n<ul>\n<li><strong>Tarragona<\/strong> \u2013 Weltkulturerbe mit sch\u00f6ner Altstadt<\/li>\n<li><strong>Girona<\/strong> \u2013 auch hier wieder eine tolle Altstadt mit Drehorten von Game of Thrones<\/li>\n<\/ul>\n<p>&nbsp;<\/p>\n<p><strong><u>Madrid<\/u><\/strong><\/p>\n<p>Eine Stadt, die niemals schl\u00e4ft: gro\u00df, quirlig, mit vielen Sehensw\u00fcrdigkeiten und Museen. Madrid hat \u00fcber 6Millionen Einwohner. Eine sch\u00f6ne Altstadt mit eleganten Boulevards mit sehr vielen Tapas Bars, in fast allen Lebensmittelgesch\u00e4ften der Altstadt kann man auch Essen und Trinken. Man trifft sich an Steh-Theken zum Plausch und das bis in die Nacht. Die Gesch\u00e4fte haben hier bis 23 Uhr ge\u00f6ffnet &#8211; so ebbt der Trubel nie ab.<br \/>\nMit der Metro kann man alles schnell und problemlos erreichen.<\/p>\n<p>Wir haben eine Hop-on Hop-off Stadtrundfahrt gemacht und viele die Stadt zu Fu\u00df erkundet. Das Stadion Bernabeu ist auch sehr sehenswert, nicht nur f\u00fcr Fu\u00dfball Fans.<\/p>\n<p>M\u00f6chte man die Museen der Stadt besuchen, so ist viel Geduld gefragt, vor allem an den Wochenenden, denn da stehen die Einheimischen zusammen mit den Touristen Schlange (teilweise mehrere hundert Meter lang).<\/p>\n<p>Wir sind mit dem Schnellzug in 3h von Barcelona nach Madrid gefahren. Man kann dies auch individuell hin bekommen, man muss sich nur genau vorher informieren wo die Bahnh\u00f6fe sind. Diese liegen nicht unbedingt Zentral. Hier findet auch eine Kontrolle wie auf dem Flughafen statt. Sehr saubere Bahnh\u00f6fe!<\/p>\n<\/div>\n\t\t<\/div><div id=\"panel-43-1-0-1\" class=\"so-panel widget widget_text\" data-index=\"4\" ><h3 class=\"widget-title\">Besuchte Hotels<\/h3>\t\t\t<div class=\"textwidget\"><\/div>\n\t\t<\/div><div id=\"panel-43-1-0-2\" class=\"so-panel widget widget_text\" data-index=\"5\" >\t\t\t<div class=\"textwidget\"><p><strong><u>Costa Dorada<\/u><\/strong><br \/>\nEstival El Dorado Resort \u2605\u2605\u2605<br \/>\nBlaumar \u2605\u2605\u2605\u2605<\/p>\n<hr \/>\n<p><strong><u>Costa Barcelona<\/u><\/strong><br \/>\nAqua Onabrava \u2605\u2605\u2605\u2605<br \/>\nAqua Silhouette&amp; Spa \u2605\u2605\u2605<br \/>\nTahiti Playa &amp; Suites \u2605\u2605\u2605\u2605<br \/>\nSumus Stella &amp; Spa \u2605\u2605\u2605+<\/p>\n<hr \/>\n<p><b><u>Costa Brava<\/u><\/b><br \/>\nHotel Delamar \u2605\u2605\u2605\u2605<br \/>\nHotel Anabel \u2605\u2605\u2605\u2605<br \/>\nPark San Jorge \u2605\u2605\u2605\u2605<br \/>\nGiverola Resort \u2605\u2605\u2605+<br \/>\nHotel Golden Bahia de Tossa &amp; Spa \u2605\u2605\u2605\u2605<\/p>\n<hr \/>\n<p><b><u>Madrid<\/u><\/b><br \/>\nH10 Tribeca in Madrid \u2605\u2605\u2605\u2605<\/p>\n<\/div>\n\t\t<\/div><div id=\"panel-43-1-0-3\" class=\"so-panel widget widget_text panel-last-child\" data-index=\"6\" >\t\t\t<div class=\"textwidget\"><p><b>M\u00f6chten Sie n\u00e4here Informationen zu Katalonien, Madrid und\/oder den Hotels? Dann vereinbaren Sie mit Ihren Reiseberater einen Termin, wir freuen uns auf Sie!<\/b><\/p>\n<\/div>\n\t\t<\/div><\/div><\/div><\/div>","protected":false},"excerpt":{"rendered":"<p>F\u00fcr mich ging es im September 2018 das erste mal an die K\u00fcste Kataloniens. Ich bin mit der Erwartung hingefahren, Hotelburgen und volle Orte zu sehen, wurde aber wirklich angenehm \u00fcberrascht. Es ist eine sehr sch\u00f6ne Region, die mich sehr <a href=\"https:\/\/reisen.reudnitzer-reisen.com\/reiseberichte\/ines-ludwig\/reisebericht-katalonien-madrid\/\"> more&#8230;<\/a><\/p>\n","protected":false},"author":1,"featured_media":0,"parent":34,"menu_order":0,"comment_status":"closed","ping_status":"closed","template":"","meta":{"footnotes":""},"_links":{"self":[{"href":"https:\/\/reisen.reudnitzer-reisen.com\/reiseberichte\/wp-json\/wp\/v2\/pages\/43"}],"collection":[{"href":"https:\/\/reisen.reudnitzer-reisen.com\/reiseberichte\/wp-json\/wp\/v2\/pages"}],"about":[{"href":"https:\/\/reisen.reudnitzer-reisen.com\/reiseberichte\/wp-json\/wp\/v2\/types\/page"}],"author":[{"embeddable":true,"href":"https:\/\/reisen.reudnitzer-reisen.com\/reiseberichte\/wp-json\/wp\/v2\/users\/1"}],"replies":[{"embeddable":true,"href":"https:\/\/reisen.reudnitzer-reisen.com\/reiseberichte\/wp-json\/wp\/v2\/comments?post=43"}],"version-history":[{"count":41,"href":"https:\/\/reisen.reudnitzer-reisen.com\/reiseberichte\/wp-json\/wp\/v2\/pages\/43\/revisions"}],"predecessor-version":[{"id":468,"href":"https:\/\/reisen.reudnitzer-reisen.com\/reiseberichte\/wp-json\/wp\/v2\/pages\/43\/revisions\/468"}],"up":[{"embeddable":true,"href":"https:\/\/reisen.reudnitzer-reisen.com\/reiseberichte\/wp-json\/wp\/v2\/pages\/34"}],"wp:attachment":[{"href":"https:\/\/reisen.reudnitzer-reisen.com\/reiseberichte\/wp-json\/wp\/v2\/media?parent=43"}],"curies":[{"name":"wp","href":"https:\/\/api.w.org\/{rel}","templated":true}]}}