{"id":1380,"date":"2024-04-25T11:37:21","date_gmt":"2024-04-25T09:37:21","guid":{"rendered":"https:\/\/reisen.reudnitzer-reisen.com\/reiseberichte\/?page_id=1380"},"modified":"2024-04-25T12:12:57","modified_gmt":"2024-04-25T10:12:57","slug":"reisebericht-italien","status":"publish","type":"page","link":"https:\/\/reisen.reudnitzer-reisen.com\/reiseberichte\/pascal-mann\/reisebericht-italien\/","title":{"rendered":"Reisebericht Italien"},"content":{"rendered":"<div id=\"pl-1380\"  class=\"panel-layout\" ><div id=\"pg-1380-0\"  class=\"panel-grid panel-no-style\" ><div id=\"pgc-1380-0-0\"  class=\"panel-grid-cell\" ><div id=\"panel-1380-0-0-0\" class=\"so-panel widget widget_media_image panel-first-child panel-last-child\" data-index=\"0\" ><a href=\"https:\/\/reisen.reudnitzer-reisen.com\/reiseberichte\/wp-content\/uploads\/sites\/11\/2024\/04\/milan-4261027_640.jpg\"><img loading=\"lazy\" decoding=\"async\" width=\"427\" height=\"640\" src=\"https:\/\/reisen.reudnitzer-reisen.com\/reiseberichte\/wp-content\/uploads\/sites\/11\/2024\/04\/milan-4261027_640.jpg\" class=\"image wp-image-1386  attachment-full size-full\" alt=\"\" style=\"max-width: 100%; height: auto;\" srcset=\"https:\/\/reisen.reudnitzer-reisen.com\/reiseberichte\/wp-content\/uploads\/sites\/11\/2024\/04\/milan-4261027_640.jpg 427w, https:\/\/reisen.reudnitzer-reisen.com\/reiseberichte\/wp-content\/uploads\/sites\/11\/2024\/04\/milan-4261027_640-200x300.jpg 200w\" sizes=\"(max-width: 427px) 100vw, 427px\" \/><\/a><\/div><\/div><div id=\"pgc-1380-0-1\"  class=\"panel-grid-cell\" ><div id=\"panel-1380-0-1-0\" class=\"so-panel widget widget_media_image panel-first-child panel-last-child\" data-index=\"1\" ><a href=\"https:\/\/reisen.reudnitzer-reisen.com\/reiseberichte\/wp-content\/uploads\/sites\/11\/2024\/04\/italy-3806066_640.jpg\"><img loading=\"lazy\" decoding=\"async\" width=\"427\" height=\"640\" src=\"https:\/\/reisen.reudnitzer-reisen.com\/reiseberichte\/wp-content\/uploads\/sites\/11\/2024\/04\/italy-3806066_640.jpg\" class=\"image wp-image-1385  attachment-full size-full\" alt=\"\" style=\"max-width: 100%; height: auto;\" srcset=\"https:\/\/reisen.reudnitzer-reisen.com\/reiseberichte\/wp-content\/uploads\/sites\/11\/2024\/04\/italy-3806066_640.jpg 427w, https:\/\/reisen.reudnitzer-reisen.com\/reiseberichte\/wp-content\/uploads\/sites\/11\/2024\/04\/italy-3806066_640-200x300.jpg 200w\" sizes=\"(max-width: 427px) 100vw, 427px\" \/><\/a><\/div><\/div><div id=\"pgc-1380-0-2\"  class=\"panel-grid-cell\" ><div id=\"panel-1380-0-2-0\" class=\"so-panel widget widget_media_image panel-first-child panel-last-child\" data-index=\"2\" ><a href=\"https:\/\/reisen.reudnitzer-reisen.com\/reiseberichte\/wp-content\/uploads\/sites\/11\/2024\/04\/italy-2331297_640.jpg\"><img loading=\"lazy\" decoding=\"async\" width=\"427\" height=\"640\" src=\"https:\/\/reisen.reudnitzer-reisen.com\/reiseberichte\/wp-content\/uploads\/sites\/11\/2024\/04\/italy-2331297_640.jpg\" class=\"image wp-image-1388  attachment-full size-full\" alt=\"\" style=\"max-width: 100%; height: auto;\" srcset=\"https:\/\/reisen.reudnitzer-reisen.com\/reiseberichte\/wp-content\/uploads\/sites\/11\/2024\/04\/italy-2331297_640.jpg 427w, https:\/\/reisen.reudnitzer-reisen.com\/reiseberichte\/wp-content\/uploads\/sites\/11\/2024\/04\/italy-2331297_640-200x300.jpg 200w\" sizes=\"(max-width: 427px) 100vw, 427px\" \/><\/a><\/div><\/div><div id=\"pgc-1380-0-3\"  class=\"panel-grid-cell\" ><div id=\"panel-1380-0-3-0\" class=\"so-panel widget widget_media_image panel-first-child panel-last-child\" data-index=\"3\" ><a href=\"https:\/\/reisen.reudnitzer-reisen.com\/reiseberichte\/wp-content\/uploads\/sites\/11\/2024\/04\/maiarchitec.jpg\"><img loading=\"lazy\" decoding=\"async\" width=\"426\" height=\"640\" src=\"https:\/\/reisen.reudnitzer-reisen.com\/reiseberichte\/wp-content\/uploads\/sites\/11\/2024\/04\/maiarchitec.jpg\" class=\"image wp-image-1405  attachment-full size-full\" alt=\"\" style=\"max-width: 100%; height: auto;\" srcset=\"https:\/\/reisen.reudnitzer-reisen.com\/reiseberichte\/wp-content\/uploads\/sites\/11\/2024\/04\/maiarchitec.jpg 426w, https:\/\/reisen.reudnitzer-reisen.com\/reiseberichte\/wp-content\/uploads\/sites\/11\/2024\/04\/maiarchitec-200x300.jpg 200w\" sizes=\"(max-width: 426px) 100vw, 426px\" \/><\/a><\/div><\/div><\/div><div id=\"pg-1380-1\"  class=\"panel-grid panel-no-style\" ><div id=\"pgc-1380-1-0\"  class=\"panel-grid-cell\" ><div id=\"panel-1380-1-0-0\" class=\"so-panel widget widget_text panel-first-child\" data-index=\"4\" >\t\t\t<div class=\"textwidget\"><p><strong>Italien, Lombardei &#8211; Bergamo und Mailand<\/strong><\/p>\n<p>Kaum sind wir in Berlin mit dem Flieger gestartet, waren wir auch schon da. Nach 1 Stunde und 40min Flugzeit sind wir bei sonnigem Wetter in Bergamo gelandet. Mit der Buslinie 1, welche zwischen Flughafen und der auf dem Berg gelegenen Altstadt \u201cCitta Alta\u201d verkehrt, sind wir innerhalb von ca. 20 min im Zentrum von Bergamo angekommen. Zu Fu\u00df ging es f\u00fcr uns dann Richtung Ferienwohnung. Bergamo zeichnet sich vorallem f\u00fcr die kleinen verwinkelten Gassen und sehr herzlichen Einheimischen aus. Unser Vermieter empfahl uns bei unserer Anreise das Restaurant \u201cCircolino Citt\u00e0 Alta\u201c, welches auch ich nun w\u00e4rmstens weiterempfehlen kann. Ein weiteres Highlight neben der auf dem Berg gelegenen Altstadt, die mit ihrer Archtiketur, Geschichte und der Geburtst\u00e4tte des Straciatella-Eis sehr beeindruckend ist, war der Palazzo del Moroni. Ein pr\u00e4chtiger Palast, der nun als Museum dient und riesige Wandgem\u00e4lde und Kunstsammlungen aus dem 17. Jahrhundert zur Verf\u00fcgung stellt. Au\u00dferdem darf w\u00e4hrend eines Besuches in Bergamo keinesfalls eine Fahrt mit der Seilbahn vergessen werden. Sie verbindet die obere Altstadt mit dem Tal. Ganze 84 H\u00f6henmeter werden mit der Fahrt zur\u00fcckgelegt.<\/p>\n<p>&nbsp;<\/p>\n<\/div>\n\t\t<\/div><div id=\"panel-1380-1-0-1\" class=\"so-panel widget widget_text panel-last-child\" data-index=\"5\" ><h3 class=\"widget-title\">Mein Hoteltipp in Mailand &gt; Spice Hotel Milano \u2605\u2605\u2605<\/h3>\t\t\t<div class=\"textwidget\"><p>&nbsp;<\/p>\n<p><a href=\"https:\/\/angebot.reudnitzer-reisen.com\/mailandlmx\"><em><strong>https:\/\/angebot.reudnitzer-reisen.com\/mailandlmx<\/strong><\/em><\/a><\/p>\n<\/div>\n\t\t<\/div><\/div><\/div><div id=\"pg-1380-2\"  class=\"panel-grid panel-no-style\" ><div id=\"pgc-1380-2-0\"  class=\"panel-grid-cell\" ><div id=\"panel-1380-2-0-0\" class=\"so-panel widget widget_media_image panel-first-child panel-last-child\" data-index=\"6\" ><a href=\"https:\/\/reisen.reudnitzer-reisen.com\/reiseberichte\/wp-content\/uploads\/sites\/11\/2024\/04\/1s.jpg\"><img loading=\"lazy\" decoding=\"async\" width=\"800\" height=\"600\" src=\"https:\/\/reisen.reudnitzer-reisen.com\/reiseberichte\/wp-content\/uploads\/sites\/11\/2024\/04\/1s.jpg\" class=\"image wp-image-1398  attachment-full size-full\" alt=\"\" style=\"max-width: 100%; height: auto;\" srcset=\"https:\/\/reisen.reudnitzer-reisen.com\/reiseberichte\/wp-content\/uploads\/sites\/11\/2024\/04\/1s.jpg 800w, https:\/\/reisen.reudnitzer-reisen.com\/reiseberichte\/wp-content\/uploads\/sites\/11\/2024\/04\/1s-300x225.jpg 300w, https:\/\/reisen.reudnitzer-reisen.com\/reiseberichte\/wp-content\/uploads\/sites\/11\/2024\/04\/1s-768x576.jpg 768w\" sizes=\"(max-width: 800px) 100vw, 800px\" \/><\/a><\/div><\/div><div id=\"pgc-1380-2-1\"  class=\"panel-grid-cell\" ><div id=\"panel-1380-2-1-0\" class=\"so-panel widget widget_media_image panel-first-child panel-last-child\" data-index=\"7\" ><a href=\"https:\/\/reisen.reudnitzer-reisen.com\/reiseberichte\/wp-content\/uploads\/sites\/11\/2024\/04\/2s.jpg\"><img loading=\"lazy\" decoding=\"async\" width=\"800\" height=\"600\" src=\"https:\/\/reisen.reudnitzer-reisen.com\/reiseberichte\/wp-content\/uploads\/sites\/11\/2024\/04\/2s.jpg\" class=\"image wp-image-1397  attachment-full size-full\" alt=\"\" style=\"max-width: 100%; height: auto;\" srcset=\"https:\/\/reisen.reudnitzer-reisen.com\/reiseberichte\/wp-content\/uploads\/sites\/11\/2024\/04\/2s.jpg 800w, https:\/\/reisen.reudnitzer-reisen.com\/reiseberichte\/wp-content\/uploads\/sites\/11\/2024\/04\/2s-300x225.jpg 300w, https:\/\/reisen.reudnitzer-reisen.com\/reiseberichte\/wp-content\/uploads\/sites\/11\/2024\/04\/2s-768x576.jpg 768w\" sizes=\"(max-width: 800px) 100vw, 800px\" \/><\/a><\/div><\/div><div id=\"pgc-1380-2-2\"  class=\"panel-grid-cell\" ><div id=\"panel-1380-2-2-0\" class=\"so-panel widget widget_media_image panel-first-child panel-last-child\" data-index=\"8\" ><a href=\"https:\/\/reisen.reudnitzer-reisen.com\/reiseberichte\/wp-content\/uploads\/sites\/11\/2024\/04\/3s.jpg\"><img loading=\"lazy\" decoding=\"async\" width=\"800\" height=\"600\" src=\"https:\/\/reisen.reudnitzer-reisen.com\/reiseberichte\/wp-content\/uploads\/sites\/11\/2024\/04\/3s.jpg\" class=\"image wp-image-1396  attachment-full size-full\" alt=\"\" style=\"max-width: 100%; height: auto;\" srcset=\"https:\/\/reisen.reudnitzer-reisen.com\/reiseberichte\/wp-content\/uploads\/sites\/11\/2024\/04\/3s.jpg 800w, https:\/\/reisen.reudnitzer-reisen.com\/reiseberichte\/wp-content\/uploads\/sites\/11\/2024\/04\/3s-300x225.jpg 300w, https:\/\/reisen.reudnitzer-reisen.com\/reiseberichte\/wp-content\/uploads\/sites\/11\/2024\/04\/3s-768x576.jpg 768w\" sizes=\"(max-width: 800px) 100vw, 800px\" \/><\/a><\/div><\/div><\/div><div id=\"pg-1380-3\"  class=\"panel-grid panel-no-style\" ><div id=\"pgc-1380-3-0\"  class=\"panel-grid-cell\" ><div id=\"panel-1380-3-0-0\" class=\"so-panel widget widget_text panel-first-child panel-last-child\" data-index=\"9\" >\t\t\t<div class=\"textwidget\"><p>F\u00fcr uns ging es nach 2 N\u00e4chten in Bergamo weiter nach Mailand. Es gibt eine Direktverbindung zwischen den beiden St\u00e4dten einmal die Stunde und das Ticket kostet nur 6\u20ac pro Person. Angekommen in Mailand kam unser zuvor gebuchter Mailand-Pass direkt zum Einsatz mit der Fahrt zu unser Ferienwohnung durch die U-Bahn. Der beste Weg durch die Stadt ist mit der Metro bzw. Teils auch mit der Stra\u00dfenbahn. Diese fahren teilweise sogar alle 4 min! Am ersten Tag sind wir direkt zur Stadiontour zum San Siro gefahren. Fussballfans werden es lieben, denn es ist wirklich sehr beeindruckend. Am zweiten Tag hatten wir uns vorab schon einen Tagesablauf \u00fcber unseren Mailand-Pass zusammengestellt. So waren wir zuerst im Leonardo da Vinci Museum f\u00fcr Wissenschaft und Technologie. Das Museum ist riesieg und bietet einen gewaltigen Einblick in die Historie der Wissenschaft und Industrie. Au\u00dferdem ist das weltbekannte Gem\u00e4lde \u201cDas Letzte Abenmahl\u201d hier zu sehen. Weiter ging es f\u00fcr uns in die Castello Sforzesco, eine riesiege Festung aus der Renaissance. Auch hier gibt es ein sehr gro\u00dfes historisches Museum mit Kunstwerken von da Vinci und Michelangelo. Direkt danach sind wir zum Mail\u00e4nder Dom gefahren. Wir hatten ein Ticket mit dem Besuch der Dachterrassen. Das Wahrzeichen der Stadt mit seiner Archikektur ist ein absolutes Muss f\u00fcr jeden, der nach Mailand f\u00e4hrt. Wichtig zu wissen: Die Terrassen erreicht man \u00fcblicherweise nur \u00fcber die Treppen, die aber mindestens mal 166 Stufen lang sind. Auch ein Sportler kommt da schnell mal ins Schwitzen. Oben angekommen gibt es eine sch\u00f6ne Aussicht \u00fcber die Stadt. Wer einen komplett uneingeschr\u00e4nkten Ausblick \u00fcber die komplette Stadt genie\u00dfen will, sollte unbedingt den Torre Branca, einen Aussichtsturm im Sempionepark, besuchen. Weiterhin ist ein Besuch des Citylife sehr zu empfehlen. Das Luxusviertel im Nordwesten der Stadt ist bequem mit der Metro erreichbar. Hier \u00fcberragen nat\u00fcrlich die 3 \u201cWolkenkratzer\u201d der Unternehmen Allianz, Generali und pwc. F\u00fcr eine Shoppingtour gibt es hier ein gro\u00dfes Einkaufszentrum mit vielen Shop und Restaurants.<\/p>\n<\/div>\n\t\t<\/div><\/div><\/div><div id=\"pg-1380-4\"  class=\"panel-grid panel-no-style\" ><div id=\"pgc-1380-4-0\"  class=\"panel-grid-cell\" ><div id=\"panel-1380-4-0-0\" class=\"so-panel widget widget_text panel-first-child panel-last-child\" data-index=\"10\" >\t\t\t<div class=\"textwidget\"><p><img loading=\"lazy\" decoding=\"async\" class=\"alignnone size-full wp-image-1400\" src=\"https:\/\/reisen.reudnitzer-reisen.com\/reiseberichte\/wp-content\/uploads\/sites\/11\/2024\/04\/4bargamo.jpg\" alt=\"\" width=\"426\" height=\"640\" srcset=\"https:\/\/reisen.reudnitzer-reisen.com\/reiseberichte\/wp-content\/uploads\/sites\/11\/2024\/04\/4bargamo.jpg 426w, https:\/\/reisen.reudnitzer-reisen.com\/reiseberichte\/wp-content\/uploads\/sites\/11\/2024\/04\/4bargamo-200x300.jpg 200w\" sizes=\"(max-width: 426px) 100vw, 426px\" \/><\/p>\n<\/div>\n\t\t<\/div><\/div><div id=\"pgc-1380-4-1\"  class=\"panel-grid-cell\" ><div id=\"panel-1380-4-1-0\" class=\"so-panel widget widget_text panel-first-child panel-last-child\" data-index=\"11\" >\t\t\t<div class=\"textwidget\"><p><img loading=\"lazy\" decoding=\"async\" class=\"alignnone size-full wp-image-1401\" src=\"https:\/\/reisen.reudnitzer-reisen.com\/reiseberichte\/wp-content\/uploads\/sites\/11\/2024\/04\/3bargamo.jpg\" alt=\"\" width=\"426\" height=\"640\" srcset=\"https:\/\/reisen.reudnitzer-reisen.com\/reiseberichte\/wp-content\/uploads\/sites\/11\/2024\/04\/3bargamo.jpg 426w, https:\/\/reisen.reudnitzer-reisen.com\/reiseberichte\/wp-content\/uploads\/sites\/11\/2024\/04\/3bargamo-200x300.jpg 200w\" sizes=\"(max-width: 426px) 100vw, 426px\" \/><\/p>\n<\/div>\n\t\t<\/div><\/div><div id=\"pgc-1380-4-2\"  class=\"panel-grid-cell\" ><div id=\"panel-1380-4-2-0\" class=\"so-panel widget widget_text panel-first-child panel-last-child\" data-index=\"12\" >\t\t\t<div class=\"textwidget\"><p><img loading=\"lazy\" decoding=\"async\" class=\"alignnone size-full wp-image-1402\" src=\"https:\/\/reisen.reudnitzer-reisen.com\/reiseberichte\/wp-content\/uploads\/sites\/11\/2024\/04\/2bargamo.jpg\" alt=\"\" width=\"426\" height=\"640\" srcset=\"https:\/\/reisen.reudnitzer-reisen.com\/reiseberichte\/wp-content\/uploads\/sites\/11\/2024\/04\/2bargamo.jpg 426w, https:\/\/reisen.reudnitzer-reisen.com\/reiseberichte\/wp-content\/uploads\/sites\/11\/2024\/04\/2bargamo-200x300.jpg 200w\" sizes=\"(max-width: 426px) 100vw, 426px\" \/><\/p>\n<\/div>\n\t\t<\/div><\/div><div id=\"pgc-1380-4-3\"  class=\"panel-grid-cell\" ><div id=\"panel-1380-4-3-0\" class=\"so-panel widget widget_text panel-first-child panel-last-child\" data-index=\"13\" >\t\t\t<div class=\"textwidget\"><p><img loading=\"lazy\" decoding=\"async\" class=\"alignnone size-full wp-image-1403\" src=\"https:\/\/reisen.reudnitzer-reisen.com\/reiseberichte\/wp-content\/uploads\/sites\/11\/2024\/04\/1bargamo.jpg\" alt=\"\" width=\"426\" height=\"640\" srcset=\"https:\/\/reisen.reudnitzer-reisen.com\/reiseberichte\/wp-content\/uploads\/sites\/11\/2024\/04\/1bargamo.jpg 426w, https:\/\/reisen.reudnitzer-reisen.com\/reiseberichte\/wp-content\/uploads\/sites\/11\/2024\/04\/1bargamo-200x300.jpg 200w\" sizes=\"(max-width: 426px) 100vw, 426px\" \/><\/p>\n<\/div>\n\t\t<\/div><\/div><\/div><div id=\"pg-1380-5\"  class=\"panel-grid panel-no-style\" ><div id=\"pgc-1380-5-0\"  class=\"panel-grid-cell\" ><div id=\"panel-1380-5-0-0\" class=\"so-panel widget widget_text panel-first-child\" data-index=\"14\" >\t\t\t<div class=\"textwidget\"><p>Am letzen Tag hatten wir ein Ticket f\u00fcr den Bernina-Express gebucht. Vom Haubtbahnhof Mailand in den fr\u00fchen Morgenstunden sind wir Richtung Tirano mit dem Bus losgefahren. Auf dem Weg in die Alpen gibt es bei gutem Wetter einen \u00fcberragenden Blick auf dem See von Como. Angekommen in Triano erfolgt der Umstieg vom Bus in die Bahn. Vor uns lagen 2 Stunden Fahrt mit faszinierenden Eindr\u00fccken. Von kleinen D\u00f6rfern im Tal \u00fcber Br\u00fccken und Tunnel hoch hinauf in die Alpen, wo es pl\u00f6tzlich schneewei\u00df gewesen ist. Der Schnee stand in einigen Ortschaften \u00fcber 1m hoch. Am Ziel wartet die kleine Stadt St. Moritz mit ihren Confiserien und der echten Schweizer Schokolade, welche un\u00fcbertroffen k\u00f6stlich ist.<\/p>\n<\/div>\n\t\t<\/div><div id=\"panel-1380-5-0-1\" class=\"so-panel widget widget_text panel-last-child\" data-index=\"15\" ><h3 class=\"widget-title\">Mein Hoteltipp in Bergamo &gt; Le Funi Hotel \u2605\u2605\u2605\u2605<\/h3>\t\t\t<div class=\"textwidget\"><p>&nbsp;<\/p>\n<p><a href=\"https:\/\/angebot.reudnitzer-reisen.com\/bergamoder\"><em><strong>https:\/\/angebot.reudnitzer-reisen.com\/bergamoder<\/strong><\/em><\/a><\/p>\n<\/div>\n\t\t<\/div><\/div><\/div><div id=\"pg-1380-6\"  class=\"panel-grid panel-no-style\" ><div id=\"pgc-1380-6-0\"  class=\"panel-grid-cell\" ><div id=\"panel-1380-6-0-0\" class=\"so-panel widget widget_media_image panel-first-child panel-last-child\" data-index=\"16\" ><a href=\"https:\/\/reisen.reudnitzer-reisen.com\/reiseberichte\/wp-content\/uploads\/sites\/11\/2024\/04\/2les.jpg\"><img loading=\"lazy\" decoding=\"async\" width=\"800\" height=\"600\" src=\"https:\/\/reisen.reudnitzer-reisen.com\/reiseberichte\/wp-content\/uploads\/sites\/11\/2024\/04\/2les.jpg\" class=\"image wp-image-1411  attachment-full size-full\" alt=\"\" style=\"max-width: 100%; height: auto;\" srcset=\"https:\/\/reisen.reudnitzer-reisen.com\/reiseberichte\/wp-content\/uploads\/sites\/11\/2024\/04\/2les.jpg 800w, https:\/\/reisen.reudnitzer-reisen.com\/reiseberichte\/wp-content\/uploads\/sites\/11\/2024\/04\/2les-300x225.jpg 300w, https:\/\/reisen.reudnitzer-reisen.com\/reiseberichte\/wp-content\/uploads\/sites\/11\/2024\/04\/2les-768x576.jpg 768w\" sizes=\"(max-width: 800px) 100vw, 800px\" \/><\/a><\/div><\/div><div id=\"pgc-1380-6-1\"  class=\"panel-grid-cell\" ><div id=\"panel-1380-6-1-0\" class=\"so-panel widget widget_media_image panel-first-child panel-last-child\" data-index=\"17\" ><a href=\"https:\/\/reisen.reudnitzer-reisen.com\/reiseberichte\/wp-content\/uploads\/sites\/11\/2024\/04\/3les.jpg\"><img loading=\"lazy\" decoding=\"async\" width=\"800\" height=\"600\" src=\"https:\/\/reisen.reudnitzer-reisen.com\/reiseberichte\/wp-content\/uploads\/sites\/11\/2024\/04\/3les.jpg\" class=\"image wp-image-1412  attachment-full size-full\" alt=\"\" style=\"max-width: 100%; height: auto;\" srcset=\"https:\/\/reisen.reudnitzer-reisen.com\/reiseberichte\/wp-content\/uploads\/sites\/11\/2024\/04\/3les.jpg 800w, https:\/\/reisen.reudnitzer-reisen.com\/reiseberichte\/wp-content\/uploads\/sites\/11\/2024\/04\/3les-300x225.jpg 300w, https:\/\/reisen.reudnitzer-reisen.com\/reiseberichte\/wp-content\/uploads\/sites\/11\/2024\/04\/3les-768x576.jpg 768w\" sizes=\"(max-width: 800px) 100vw, 800px\" \/><\/a><\/div><\/div><div id=\"pgc-1380-6-2\"  class=\"panel-grid-cell\" ><div id=\"panel-1380-6-2-0\" class=\"so-panel widget widget_media_image panel-first-child panel-last-child\" data-index=\"18\" ><a href=\"https:\/\/reisen.reudnitzer-reisen.com\/reiseberichte\/wp-content\/uploads\/sites\/11\/2024\/04\/4les.jpg\"><img loading=\"lazy\" decoding=\"async\" width=\"800\" height=\"600\" src=\"https:\/\/reisen.reudnitzer-reisen.com\/reiseberichte\/wp-content\/uploads\/sites\/11\/2024\/04\/4les.jpg\" class=\"image wp-image-1413  attachment-full size-full\" alt=\"\" style=\"max-width: 100%; height: auto;\" srcset=\"https:\/\/reisen.reudnitzer-reisen.com\/reiseberichte\/wp-content\/uploads\/sites\/11\/2024\/04\/4les.jpg 800w, https:\/\/reisen.reudnitzer-reisen.com\/reiseberichte\/wp-content\/uploads\/sites\/11\/2024\/04\/4les-300x225.jpg 300w, https:\/\/reisen.reudnitzer-reisen.com\/reiseberichte\/wp-content\/uploads\/sites\/11\/2024\/04\/4les-768x576.jpg 768w\" sizes=\"(max-width: 800px) 100vw, 800px\" \/><\/a><\/div><\/div><\/div><div id=\"pg-1380-7\"  class=\"panel-grid panel-no-style\" ><div id=\"pgc-1380-7-0\"  class=\"panel-grid-cell\" ><div id=\"panel-1380-7-0-0\" class=\"so-panel widget widget_text panel-first-child panel-last-child\" data-index=\"19\" >\t\t\t<div class=\"textwidget\"><p>Abschlie\u00dfend kann ich sagen, dass ich mehr als \u00fcberw\u00e4ltigt zur\u00fcckgekommen bin und jedem die St\u00e4dte sowie die genannten Ausfl\u00fcge sehr ans Herz legen kann. Bergamo gibt jedem Besucher sofort das typisch italienische Flair. Eine kleine kompakte Stadt mit einer wundersch\u00f6nen Altstadt und sch\u00f6nen verwinkelten Gassen sowie k\u00f6stlichen Restaurants. Daneben die Mode-Metropole Mailand. Beide St\u00e4dte sehr einfach mit dem Zug verbunden. Der Mailand-Pass ist f\u00fcr die Menge an Leistungen ein absolutes Muss f\u00fcr jeden Besuch. Der Ausflug mit dem Bernina Express und dem Start in Mailand bietet zudem noch ein traumhaftes Erlebnis durch die Alpen.<\/p>\n<\/div>\n\t\t<\/div><\/div><\/div><div id=\"pg-1380-8\"  class=\"panel-grid panel-no-style\" ><div id=\"pgc-1380-8-0\"  class=\"panel-grid-cell\" ><div id=\"panel-1380-8-0-0\" class=\"so-panel widget widget_text panel-first-child panel-last-child\" data-index=\"20\" >\t\t\t<div class=\"textwidget\"><p><iframe loading=\"lazy\" src=\"https:\/\/pauschalreisen.best-reisen-ibe.de\/search\/hotel?aidList=64543,205460&#038;board=2&#038;taid=reudnitzer&#038;ibe=package&#038;ddate=2024-08-02&#038;rdate=2024-08-06&#038;srtReg=15&#038;srtHot=5&#038;adult=2\" width=\"100%\" height=\"10000px\" frameborder=\"0\" scrolling=\"no\"><\/iframe><\/p>\n<\/div>\n\t\t<\/div><\/div><\/div><div id=\"pg-1380-9\"  class=\"panel-grid panel-no-style\" ><div id=\"pgc-1380-9-0\"  class=\"panel-grid-cell\" ><div id=\"panel-1380-9-0-0\" class=\"so-panel widget widget_text panel-first-child panel-last-child\" data-index=\"21\" >\t\t\t<div class=\"textwidget\"><p><b>M\u00f6chten Sie n\u00e4here Informationen zu <strong>Italien, Lombardei \u2013 Bergamo und Mailand<\/strong> und\/oder den Hotels? Dann vereinbaren Sie mit Ihren Reiseberater einen Termin, wir freuen uns auf Sie!<\/b><\/p>\n<\/div>\n\t\t<\/div><\/div><\/div><\/div>","protected":false},"excerpt":{"rendered":"<p>Italien, Lombardei &#8211; Bergamo und Mailand Kaum sind wir in Berlin mit dem Flieger gestartet, waren wir auch schon da. Nach 1 Stunde und 40min Flugzeit sind wir bei sonnigem Wetter in Bergamo gelandet. Mit der Buslinie 1, welche zwischen <a href=\"https:\/\/reisen.reudnitzer-reisen.com\/reiseberichte\/pascal-mann\/reisebericht-italien\/\"> more&#8230;<\/a><\/p>\n","protected":false},"author":1,"featured_media":0,"parent":360,"menu_order":1,"comment_status":"closed","ping_status":"closed","template":"","meta":{"footnotes":""},"_links":{"self":[{"href":"https:\/\/reisen.reudnitzer-reisen.com\/reiseberichte\/wp-json\/wp\/v2\/pages\/1380"}],"collection":[{"href":"https:\/\/reisen.reudnitzer-reisen.com\/reiseberichte\/wp-json\/wp\/v2\/pages"}],"about":[{"href":"https:\/\/reisen.reudnitzer-reisen.com\/reiseberichte\/wp-json\/wp\/v2\/types\/page"}],"author":[{"embeddable":true,"href":"https:\/\/reisen.reudnitzer-reisen.com\/reiseberichte\/wp-json\/wp\/v2\/users\/1"}],"replies":[{"embeddable":true,"href":"https:\/\/reisen.reudnitzer-reisen.com\/reiseberichte\/wp-json\/wp\/v2\/comments?post=1380"}],"version-history":[{"count":18,"href":"https:\/\/reisen.reudnitzer-reisen.com\/reiseberichte\/wp-json\/wp\/v2\/pages\/1380\/revisions"}],"predecessor-version":[{"id":1414,"href":"https:\/\/reisen.reudnitzer-reisen.com\/reiseberichte\/wp-json\/wp\/v2\/pages\/1380\/revisions\/1414"}],"up":[{"embeddable":true,"href":"https:\/\/reisen.reudnitzer-reisen.com\/reiseberichte\/wp-json\/wp\/v2\/pages\/360"}],"wp:attachment":[{"href":"https:\/\/reisen.reudnitzer-reisen.com\/reiseberichte\/wp-json\/wp\/v2\/media?parent=1380"}],"curies":[{"name":"wp","href":"https:\/\/api.w.org\/{rel}","templated":true}]}}