{"id":1156,"date":"2020-09-18T09:45:18","date_gmt":"2020-09-18T07:45:18","guid":{"rendered":"https:\/\/reisen.reudnitzer-reisen.com\/reiseberichte\/?page_id=1156"},"modified":"2020-09-18T10:12:16","modified_gmt":"2020-09-18T08:12:16","slug":"reisebericht-rad-schiff-auf-der-donau","status":"publish","type":"page","link":"https:\/\/reisen.reudnitzer-reisen.com\/reiseberichte\/kerstin-kaestner\/reisebericht-rad-schiff-auf-der-donau\/","title":{"rendered":"Reisebericht Rad &#038; Schiff auf der Donau"},"content":{"rendered":"<div id=\"pl-1156\"  class=\"panel-layout\" ><div id=\"pg-1156-0\"  class=\"panel-grid panel-no-style\" ><div id=\"pgc-1156-0-0\"  class=\"panel-grid-cell\" ><div id=\"panel-1156-0-0-0\" class=\"so-panel widget widget_media_image panel-first-child panel-last-child\" data-index=\"0\" ><a href=\"https:\/\/reisen.reudnitzer-reisen.com\/reiseberichte\/wp-content\/uploads\/sites\/11\/2020\/09\/6.jpg\"><img loading=\"lazy\" decoding=\"async\" width=\"300\" height=\"200\" src=\"https:\/\/reisen.reudnitzer-reisen.com\/reiseberichte\/wp-content\/uploads\/sites\/11\/2020\/09\/6-300x200.jpg\" class=\"image wp-image-1182  attachment-medium size-medium\" alt=\"\" style=\"max-width: 100%; height: auto;\" srcset=\"https:\/\/reisen.reudnitzer-reisen.com\/reiseberichte\/wp-content\/uploads\/sites\/11\/2020\/09\/6-300x200.jpg 300w, https:\/\/reisen.reudnitzer-reisen.com\/reiseberichte\/wp-content\/uploads\/sites\/11\/2020\/09\/6-768x512.jpg 768w, https:\/\/reisen.reudnitzer-reisen.com\/reiseberichte\/wp-content\/uploads\/sites\/11\/2020\/09\/6-272x182.jpg 272w, https:\/\/reisen.reudnitzer-reisen.com\/reiseberichte\/wp-content\/uploads\/sites\/11\/2020\/09\/6.jpg 900w\" sizes=\"(max-width: 300px) 100vw, 300px\" \/><\/a><\/div><\/div><div id=\"pgc-1156-0-1\"  class=\"panel-grid-cell\" ><div id=\"panel-1156-0-1-0\" class=\"so-panel widget widget_media_image panel-first-child panel-last-child\" data-index=\"1\" ><a href=\"https:\/\/reisen.reudnitzer-reisen.com\/reiseberichte\/wp-content\/uploads\/sites\/11\/2020\/09\/5.jpg\"><img loading=\"lazy\" decoding=\"async\" width=\"300\" height=\"200\" src=\"https:\/\/reisen.reudnitzer-reisen.com\/reiseberichte\/wp-content\/uploads\/sites\/11\/2020\/09\/5-300x200.jpg\" class=\"image wp-image-1181  attachment-medium size-medium\" alt=\"\" style=\"max-width: 100%; height: auto;\" srcset=\"https:\/\/reisen.reudnitzer-reisen.com\/reiseberichte\/wp-content\/uploads\/sites\/11\/2020\/09\/5-300x200.jpg 300w, https:\/\/reisen.reudnitzer-reisen.com\/reiseberichte\/wp-content\/uploads\/sites\/11\/2020\/09\/5-768x512.jpg 768w, https:\/\/reisen.reudnitzer-reisen.com\/reiseberichte\/wp-content\/uploads\/sites\/11\/2020\/09\/5-272x182.jpg 272w, https:\/\/reisen.reudnitzer-reisen.com\/reiseberichte\/wp-content\/uploads\/sites\/11\/2020\/09\/5.jpg 900w\" sizes=\"(max-width: 300px) 100vw, 300px\" \/><\/a><\/div><\/div><div id=\"pgc-1156-0-2\"  class=\"panel-grid-cell\" ><div id=\"panel-1156-0-2-0\" class=\"so-panel widget widget_media_image panel-first-child panel-last-child\" data-index=\"2\" ><a href=\"https:\/\/reisen.reudnitzer-reisen.com\/reiseberichte\/wp-content\/uploads\/sites\/11\/2020\/09\/2.jpg\"><img loading=\"lazy\" decoding=\"async\" width=\"300\" height=\"200\" src=\"https:\/\/reisen.reudnitzer-reisen.com\/reiseberichte\/wp-content\/uploads\/sites\/11\/2020\/09\/2-300x200.jpg\" class=\"image wp-image-1180  attachment-medium size-medium\" alt=\"\" style=\"max-width: 100%; height: auto;\" srcset=\"https:\/\/reisen.reudnitzer-reisen.com\/reiseberichte\/wp-content\/uploads\/sites\/11\/2020\/09\/2-300x200.jpg 300w, https:\/\/reisen.reudnitzer-reisen.com\/reiseberichte\/wp-content\/uploads\/sites\/11\/2020\/09\/2-768x512.jpg 768w, https:\/\/reisen.reudnitzer-reisen.com\/reiseberichte\/wp-content\/uploads\/sites\/11\/2020\/09\/2-272x182.jpg 272w, https:\/\/reisen.reudnitzer-reisen.com\/reiseberichte\/wp-content\/uploads\/sites\/11\/2020\/09\/2.jpg 900w\" sizes=\"(max-width: 300px) 100vw, 300px\" \/><\/a><\/div><\/div><div id=\"pgc-1156-0-3\"  class=\"panel-grid-cell\" ><div id=\"panel-1156-0-3-0\" class=\"so-panel widget widget_media_image panel-first-child panel-last-child\" data-index=\"3\" ><a href=\"https:\/\/reisen.reudnitzer-reisen.com\/reiseberichte\/wp-content\/uploads\/sites\/11\/2020\/09\/4.jpg\"><img loading=\"lazy\" decoding=\"async\" width=\"300\" height=\"200\" src=\"https:\/\/reisen.reudnitzer-reisen.com\/reiseberichte\/wp-content\/uploads\/sites\/11\/2020\/09\/4-300x200.jpg\" class=\"image wp-image-1185  attachment-medium size-medium\" alt=\"\" style=\"max-width: 100%; height: auto;\" srcset=\"https:\/\/reisen.reudnitzer-reisen.com\/reiseberichte\/wp-content\/uploads\/sites\/11\/2020\/09\/4-300x200.jpg 300w, https:\/\/reisen.reudnitzer-reisen.com\/reiseberichte\/wp-content\/uploads\/sites\/11\/2020\/09\/4-768x512.jpg 768w, https:\/\/reisen.reudnitzer-reisen.com\/reiseberichte\/wp-content\/uploads\/sites\/11\/2020\/09\/4-272x182.jpg 272w, https:\/\/reisen.reudnitzer-reisen.com\/reiseberichte\/wp-content\/uploads\/sites\/11\/2020\/09\/4.jpg 900w\" sizes=\"(max-width: 300px) 100vw, 300px\" \/><\/a><\/div><\/div><\/div><div id=\"pg-1156-1\"  class=\"panel-grid panel-no-style\" ><div id=\"pgc-1156-1-0\"  class=\"panel-grid-cell\" ><div id=\"panel-1156-1-0-0\" class=\"so-panel widget widget_text panel-first-child panel-last-child\" data-index=\"4\" >\t\t\t<div class=\"textwidget\"><p><strong><u>Reisebericht \u2013 mit Familie sportlich an der Donau unterwegs<\/u><\/strong><\/p>\n<p>Auch wir warfen durch Corona in diesem Jahr \u00a0relativ kurzfristig unsere Urlaubspl\u00e4ne um und entschieden uns im Juli spontan f\u00fcr unsere erste Flusskreuzfahrt.<br \/>\nMit dem Auto fuhren wir nach Passau und\u00a0 im Globus Parking Parkhaus stellten wir es f\u00fcr die komplette Kreuzfahrtwoche ab. \u00a0Kompetente Einweisung und schneller Transfer zum Schiff \u2013 besser konnte unser Urlaub nicht starten.<br \/>\nSE-Tours bietet in seinem Portfolio Rad-Schiffsreisen an und wir als begeisterte Fahrradfahrer wollten dies einmal testen.<br \/>\nDie Donau \u2013 zweitl\u00e4ngster Fluss Europas und zusammen mit SE Tours und dem Schiff MS Normandie erkundeten wir die Strecke von Passau nach Wien und zur\u00fcck.<\/p>\n<\/div>\n\t\t<\/div><\/div><\/div><div id=\"pg-1156-2\"  class=\"panel-grid panel-no-style\" ><div id=\"pgc-1156-2-0\"  class=\"panel-grid-cell\" ><div id=\"panel-1156-2-0-0\" class=\"so-panel widget widget_media_image panel-first-child panel-last-child\" data-index=\"5\" ><a href=\"https:\/\/reisen.reudnitzer-reisen.com\/reiseberichte\/wp-content\/uploads\/sites\/11\/2020\/09\/h6.jpg\"><img loading=\"lazy\" decoding=\"async\" width=\"200\" height=\"434\" src=\"https:\/\/reisen.reudnitzer-reisen.com\/reiseberichte\/wp-content\/uploads\/sites\/11\/2020\/09\/h6.jpg\" class=\"image wp-image-1177  attachment-full size-full\" alt=\"\" style=\"max-width: 100%; height: auto;\" srcset=\"https:\/\/reisen.reudnitzer-reisen.com\/reiseberichte\/wp-content\/uploads\/sites\/11\/2020\/09\/h6.jpg 200w, https:\/\/reisen.reudnitzer-reisen.com\/reiseberichte\/wp-content\/uploads\/sites\/11\/2020\/09\/h6-138x300.jpg 138w\" sizes=\"(max-width: 200px) 100vw, 200px\" \/><\/a><\/div><\/div><div id=\"pgc-1156-2-1\"  class=\"panel-grid-cell\" ><div id=\"panel-1156-2-1-0\" class=\"so-panel widget widget_media_image panel-first-child panel-last-child\" data-index=\"6\" ><a href=\"https:\/\/reisen.reudnitzer-reisen.com\/reiseberichte\/wp-content\/uploads\/sites\/11\/2020\/09\/h5.jpg\"><img loading=\"lazy\" decoding=\"async\" width=\"200\" height=\"434\" src=\"https:\/\/reisen.reudnitzer-reisen.com\/reiseberichte\/wp-content\/uploads\/sites\/11\/2020\/09\/h5.jpg\" class=\"image wp-image-1176  attachment-full size-full\" alt=\"\" style=\"max-width: 100%; height: auto;\" srcset=\"https:\/\/reisen.reudnitzer-reisen.com\/reiseberichte\/wp-content\/uploads\/sites\/11\/2020\/09\/h5.jpg 200w, https:\/\/reisen.reudnitzer-reisen.com\/reiseberichte\/wp-content\/uploads\/sites\/11\/2020\/09\/h5-138x300.jpg 138w\" sizes=\"(max-width: 200px) 100vw, 200px\" \/><\/a><\/div><\/div><div id=\"pgc-1156-2-2\"  class=\"panel-grid-cell\" ><div id=\"panel-1156-2-2-0\" class=\"so-panel widget widget_media_image panel-first-child panel-last-child\" data-index=\"7\" ><a href=\"https:\/\/reisen.reudnitzer-reisen.com\/reiseberichte\/wp-content\/uploads\/sites\/11\/2020\/09\/h4.jpg\"><img loading=\"lazy\" decoding=\"async\" width=\"200\" height=\"434\" src=\"https:\/\/reisen.reudnitzer-reisen.com\/reiseberichte\/wp-content\/uploads\/sites\/11\/2020\/09\/h4.jpg\" class=\"image wp-image-1175  attachment-full size-full\" alt=\"\" style=\"max-width: 100%; height: auto;\" srcset=\"https:\/\/reisen.reudnitzer-reisen.com\/reiseberichte\/wp-content\/uploads\/sites\/11\/2020\/09\/h4.jpg 200w, https:\/\/reisen.reudnitzer-reisen.com\/reiseberichte\/wp-content\/uploads\/sites\/11\/2020\/09\/h4-138x300.jpg 138w\" sizes=\"(max-width: 200px) 100vw, 200px\" \/><\/a><\/div><\/div><div id=\"pgc-1156-2-3\"  class=\"panel-grid-cell\" ><div id=\"panel-1156-2-3-0\" class=\"so-panel widget widget_media_image panel-first-child panel-last-child\" data-index=\"8\" ><a href=\"https:\/\/reisen.reudnitzer-reisen.com\/reiseberichte\/wp-content\/uploads\/sites\/11\/2020\/09\/h3.jpg\"><img loading=\"lazy\" decoding=\"async\" width=\"200\" height=\"434\" src=\"https:\/\/reisen.reudnitzer-reisen.com\/reiseberichte\/wp-content\/uploads\/sites\/11\/2020\/09\/h3.jpg\" class=\"image wp-image-1174  attachment-full size-full\" alt=\"\" style=\"max-width: 100%; height: auto;\" srcset=\"https:\/\/reisen.reudnitzer-reisen.com\/reiseberichte\/wp-content\/uploads\/sites\/11\/2020\/09\/h3.jpg 200w, https:\/\/reisen.reudnitzer-reisen.com\/reiseberichte\/wp-content\/uploads\/sites\/11\/2020\/09\/h3-138x300.jpg 138w\" sizes=\"(max-width: 200px) 100vw, 200px\" \/><\/a><\/div><\/div><div id=\"pgc-1156-2-4\"  class=\"panel-grid-cell\" ><div id=\"panel-1156-2-4-0\" class=\"so-panel widget widget_media_image panel-first-child panel-last-child\" data-index=\"9\" ><a href=\"https:\/\/reisen.reudnitzer-reisen.com\/reiseberichte\/wp-content\/uploads\/sites\/11\/2020\/09\/h2.jpg\"><img loading=\"lazy\" decoding=\"async\" width=\"200\" height=\"434\" src=\"https:\/\/reisen.reudnitzer-reisen.com\/reiseberichte\/wp-content\/uploads\/sites\/11\/2020\/09\/h2.jpg\" class=\"image wp-image-1173  attachment-full size-full\" alt=\"\" style=\"max-width: 100%; height: auto;\" srcset=\"https:\/\/reisen.reudnitzer-reisen.com\/reiseberichte\/wp-content\/uploads\/sites\/11\/2020\/09\/h2.jpg 200w, https:\/\/reisen.reudnitzer-reisen.com\/reiseberichte\/wp-content\/uploads\/sites\/11\/2020\/09\/h2-138x300.jpg 138w\" sizes=\"(max-width: 200px) 100vw, 200px\" \/><\/a><\/div><\/div><div id=\"pgc-1156-2-5\"  class=\"panel-grid-cell\" ><div id=\"panel-1156-2-5-0\" class=\"so-panel widget widget_media_image panel-first-child panel-last-child\" data-index=\"10\" ><a href=\"https:\/\/reisen.reudnitzer-reisen.com\/reiseberichte\/wp-content\/uploads\/sites\/11\/2020\/09\/h1.jpg\"><img loading=\"lazy\" decoding=\"async\" width=\"200\" height=\"434\" src=\"https:\/\/reisen.reudnitzer-reisen.com\/reiseberichte\/wp-content\/uploads\/sites\/11\/2020\/09\/h1.jpg\" class=\"image wp-image-1172  attachment-full size-full\" alt=\"\" style=\"max-width: 100%; height: auto;\" srcset=\"https:\/\/reisen.reudnitzer-reisen.com\/reiseberichte\/wp-content\/uploads\/sites\/11\/2020\/09\/h1.jpg 200w, https:\/\/reisen.reudnitzer-reisen.com\/reiseberichte\/wp-content\/uploads\/sites\/11\/2020\/09\/h1-138x300.jpg 138w\" sizes=\"(max-width: 200px) 100vw, 200px\" \/><\/a><\/div><\/div><\/div><div id=\"pg-1156-3\"  class=\"panel-grid panel-no-style\" ><div id=\"pgc-1156-3-0\"  class=\"panel-grid-cell\" ><div id=\"panel-1156-3-0-0\" class=\"so-panel widget widget_text panel-first-child\" data-index=\"11\" >\t\t\t<div class=\"textwidget\"><p><strong>MS Normandie<\/strong><\/p>\n<p>Die MS Normandie ist ein kleines Kreuzfahrtschiff, welches durch Corona zu 80% ausgelastet war. Gemischtes Publikum im Alter von 10-70 Jahren war an Bord. Viele von den Passagieren (so stellte es sich im Laufe der Woche heraus), machten so eine Kreuzfahrt das 1.Mal. Im Vorfeld hatten wir schon angegeben, ob man ein normales Fahrrad oder ein e-Bike haben m\u00f6chte. Das Einschiffen lief reibungslos ab. Man bekam erste Informationen und so\u00a0 konnten wir schnell unsere Kabinen beziehen. Auf der Kabine lagen Fahrradtaschen, Infomaterialien zur Tour und bei den Rad- Besprechung trafen sich alle mit Maske in der Bar des Schiffes. Zum Essen teilte man die Gruppe; ein Teil a\u00df im Restaurant, der andere Teil a\u00df in der Bar (immer mit festen Tischen). Es gab kein Buffet, alles wurde serviert, was wir jedoch sehr entspannt aufnahmen. Die K\u00fcche war lecker \u2013 Mama und Sohnemann kochten in der K\u00fcche!! Jeden Morgen wurde vom Kreuzfahrtdirektor pers\u00f6nlich Fieber gemessen und im Schiff bewegt man sich im \u201eEinbahnstrassensystem\u201c, so dass man sich auf den G\u00e4ngen nicht zu nah kam. Alle G\u00e4ste waren entspannt und erlebten eine wunderbare Woche!<\/p>\n<\/div>\n\t\t<\/div><div id=\"panel-1156-3-0-1\" class=\"so-panel widget widget_text\" data-index=\"12\" >\t\t\t<div class=\"textwidget\"><p><strong>Unsere Reisehighlights\/Fahrradetappen:<\/strong><\/p>\n<p>Im Vorfeld der Reise konnten wir uns Dank der Materialien schon super auf die Reise einstellen.\u00a0 An Bord gab es dann mit der Reiseleitung immer eine Etappen-Radbesprechung.\u00a0 Wir hatten gen\u00fcgend Zeit, um die Etappen zu bew\u00e4ltigen und schauten uns in den Orten auch so manche interessante Bauten an. Wir genossen die Landschaft, Land und Leute.<\/p>\n<ul>\n<li>Drei -Fl\u00fcsse &#8211; Stadt Passau<\/li>\n<li>Engelhartszell mit dem Stift Engelszell<\/li>\n<li>Die \u201cSchl\u00f6gener Schlinge\u201c, ein Naturwunder Ober\u00f6sterreichs<\/li>\n<li>Linz \u2013 die Kulturhauptstadt mit der historischen Altstadt<\/li>\n<li>Mauthausen \u2013 Geschichtststunde pur in der Gedenkst\u00e4tte des KZ Mauthausen<\/li>\n<li>Fahrt durch das Mostviertel \u00d6sterreichs<\/li>\n<li>Grein mit dem Schloss Greinburg<\/li>\n<li>Ybbs mit seinem Sportpfad und Altstadt<\/li>\n<li>Melk mit dem UNESCO Kulturgut &#8211; dem Stift Melk<\/li>\n<li>Per Schiff durch die Wachau von Melk bis in die Gartenstadt Tulln<\/li>\n<li>Von Tulln per Fahrrad nach Wien<\/li>\n<li>2 Tage Wien (wir auch hier mit dem Fahrrad unterwegs) mit der Donauinsel, Fahrt mit dem Prater-Ketten-Karussel , Schloss Belvedere, dem Botanischen Garten, dem Schloss Sch\u00f6nbrunn, dem Naschmarkt und dem Rathaus sowie die Wiener Radwege<\/li>\n<li>D\u00fcrnstein mit Burgruine, Altstadt und Wallfahrtskirche<\/li>\n<li>Per Pedes durch die Weind\u00f6rfer der Wachau<\/li>\n<\/ul>\n<\/div>\n\t\t<\/div><div id=\"panel-1156-3-0-2\" class=\"so-panel widget widget_text\" data-index=\"13\" >\t\t\t<div class=\"textwidget\"><p><strong>Mein Fazit<\/strong><\/p>\n<p>275km sind wir in dieser Woche mit dem Fahrrad insgesamt unterwegs gewesen. Aber v\u00f6llig entspannt. Gasth\u00f6fe laden links und rechts der Donau zum Verweilen ein. Mit den Radf\u00e4hren kann man entspannt zwischen Nieder- und Ober\u00f6sterreich \u00fcbersetzen.\u00a0 Entlang der Donau gibt es viel zu entdecken. Wir werden es auf jeden Fall noch einmal machen J.<\/p>\n<p><em>SE Tours bietet nicht nur den Donauradweg an, sondern man kann auch in Holland und in Brandenburg solche Kreuzfahrt-Radtouren unternehmen.<\/em><br \/>\nInteresse geweckt? Gern gebe ich weitere Ausk\u00fcnfte!<\/p>\n<\/div>\n\t\t<\/div><div id=\"panel-1156-3-0-3\" class=\"so-panel widget widget_text panel-last-child\" data-index=\"14\" >\t\t\t<div class=\"textwidget\"><p><b>M\u00f6chten Sie n\u00e4here Informationen zu einer Schifffahrt mit SE Tours? Dann vereinbaren Sie mit Ihren Reiseberater einen Termin, wir freuen uns auf Sie!<\/b><\/p>\n<\/div>\n\t\t<\/div><\/div><\/div><\/div>","protected":false},"excerpt":{"rendered":"<p>Reisebericht \u2013 mit Familie sportlich an der Donau unterwegs Auch wir warfen durch Corona in diesem Jahr \u00a0relativ kurzfristig unsere Urlaubspl\u00e4ne um und entschieden uns im Juli spontan f\u00fcr unsere erste Flusskreuzfahrt. Mit dem Auto fuhren wir nach Passau und\u00a0 <a href=\"https:\/\/reisen.reudnitzer-reisen.com\/reiseberichte\/kerstin-kaestner\/reisebericht-rad-schiff-auf-der-donau\/\"> more&#8230;<\/a><\/p>\n","protected":false},"author":1,"featured_media":0,"parent":345,"menu_order":2,"comment_status":"closed","ping_status":"closed","template":"","meta":{"footnotes":""},"_links":{"self":[{"href":"https:\/\/reisen.reudnitzer-reisen.com\/reiseberichte\/wp-json\/wp\/v2\/pages\/1156"}],"collection":[{"href":"https:\/\/reisen.reudnitzer-reisen.com\/reiseberichte\/wp-json\/wp\/v2\/pages"}],"about":[{"href":"https:\/\/reisen.reudnitzer-reisen.com\/reiseberichte\/wp-json\/wp\/v2\/types\/page"}],"author":[{"embeddable":true,"href":"https:\/\/reisen.reudnitzer-reisen.com\/reiseberichte\/wp-json\/wp\/v2\/users\/1"}],"replies":[{"embeddable":true,"href":"https:\/\/reisen.reudnitzer-reisen.com\/reiseberichte\/wp-json\/wp\/v2\/comments?post=1156"}],"version-history":[{"count":25,"href":"https:\/\/reisen.reudnitzer-reisen.com\/reiseberichte\/wp-json\/wp\/v2\/pages\/1156\/revisions"}],"predecessor-version":[{"id":1191,"href":"https:\/\/reisen.reudnitzer-reisen.com\/reiseberichte\/wp-json\/wp\/v2\/pages\/1156\/revisions\/1191"}],"up":[{"embeddable":true,"href":"https:\/\/reisen.reudnitzer-reisen.com\/reiseberichte\/wp-json\/wp\/v2\/pages\/345"}],"wp:attachment":[{"href":"https:\/\/reisen.reudnitzer-reisen.com\/reiseberichte\/wp-json\/wp\/v2\/media?parent=1156"}],"curies":[{"name":"wp","href":"https:\/\/api.w.org\/{rel}","templated":true}]}}