{"id":1034,"date":"2020-08-21T12:57:22","date_gmt":"2020-08-21T10:57:22","guid":{"rendered":"https:\/\/reisen.reudnitzer-reisen.com\/reiseberichte\/?page_id=1034"},"modified":"2020-08-21T17:36:15","modified_gmt":"2020-08-21T15:36:15","slug":"reisebericht-santorini","status":"publish","type":"page","link":"https:\/\/reisen.reudnitzer-reisen.com\/reiseberichte\/nancy-petzold\/reisebericht-santorini\/","title":{"rendered":"Reisebericht Santorini"},"content":{"rendered":"<div id=\"pl-1034\"  class=\"panel-layout\" ><div id=\"pg-1034-0\"  class=\"panel-grid panel-no-style\" ><div id=\"pgc-1034-0-0\"  class=\"panel-grid-cell\" ><div id=\"panel-1034-0-0-0\" class=\"so-panel widget widget_text panel-first-child panel-last-child\" data-index=\"0\" >\t\t\t<div class=\"textwidget\"><p><strong>Die Insel der wei\u00dfen H\u00e4user und blauen D\u00e4cher.<\/strong><br \/>\nIch habe die griechische Insel Anfang Mai 2019 besucht. Eine Woche mit unglaublichen Sonnenunterg\u00e4ngen, Geschichte und atemberaubenden Panoramaaussichten.<\/p>\n<p><strong>Ort &amp; Geschichte<\/strong><br \/>\nSantorini (offiziell bekannt als Thira) geh\u00f6rt zur kykladischen Inselgruppe an der \u00c4g\u00e4is und liegt ungef\u00e4hr auf halber Strecke zwischen Athen und Kreta. Um 1.500 v. Chr. erlebte die Insel eine gewaltige Vulkanexplosion, wahrscheinlich eine der gr\u00f6\u00dften Explosionen auf der Erde in den letzten tausend Jahren. In der Folge sank das Zentrum der Insel, der Rest der Insel wurde schwer besch\u00e4digt. Was heute von Santorini \u00fcbrig bleibt, ist eine sichelf\u00f6rmige Insel mit einer riesigen Caldera (einem Krater, der durch den Vulkanausbruch entstanden ist).<br \/>\nIn der Mitte befinden sich zwei Inseln, die kleinere sind die \u00dcberreste des alten Vulkans (Palea Cameni) und die gr\u00f6\u00dfere ist ein neuer Vulkan (Nea Cameni). Der neue Vulkan ist zwar noch aktiv, aber derzeit besteht keine Eruptionsgefahr. Santorini ist eine ziemlich kleine Insel, die Fl\u00e4che betr\u00e4gt nur 76 km\u00b2. Die L\u00e4nge der Insel betr\u00e4gt 16 km und die Breite variiert zwischen 1 und 5 km. Die Fahrt von einem Ende von Santorin zum anderen dauert ungef\u00e4hr 45 Minuten.<\/p>\n<\/div>\n\t\t<\/div><\/div><\/div><div id=\"pg-1034-1\"  class=\"panel-grid panel-no-style\" ><div id=\"pgc-1034-1-0\"  class=\"panel-grid-cell\" ><div id=\"panel-1034-1-0-0\" class=\"so-panel widget widget_media_image panel-first-child panel-last-child\" data-index=\"1\" ><a href=\"https:\/\/reisen.reudnitzer-reisen.com\/reiseberichte\/wp-content\/uploads\/sites\/11\/2020\/08\/FB_IMG_1597849665017.jpg\"><img loading=\"lazy\" decoding=\"async\" width=\"225\" height=\"300\" src=\"https:\/\/reisen.reudnitzer-reisen.com\/reiseberichte\/wp-content\/uploads\/sites\/11\/2020\/08\/FB_IMG_1597849665017-225x300.jpg\" class=\"image wp-image-1067  attachment-medium size-medium\" alt=\"\" style=\"max-width: 100%; height: auto;\" srcset=\"https:\/\/reisen.reudnitzer-reisen.com\/reiseberichte\/wp-content\/uploads\/sites\/11\/2020\/08\/FB_IMG_1597849665017-225x300.jpg 225w, https:\/\/reisen.reudnitzer-reisen.com\/reiseberichte\/wp-content\/uploads\/sites\/11\/2020\/08\/FB_IMG_1597849665017.jpg 720w\" sizes=\"(max-width: 225px) 100vw, 225px\" \/><\/a><\/div><\/div><div id=\"pgc-1034-1-1\"  class=\"panel-grid-cell\" ><div id=\"panel-1034-1-1-0\" class=\"so-panel widget widget_media_image panel-first-child panel-last-child\" data-index=\"2\" ><a href=\"https:\/\/reisen.reudnitzer-reisen.com\/reiseberichte\/wp-content\/uploads\/sites\/11\/2020\/08\/FB_IMG_1597849554222.jpg\"><img loading=\"lazy\" decoding=\"async\" width=\"225\" height=\"300\" src=\"https:\/\/reisen.reudnitzer-reisen.com\/reiseberichte\/wp-content\/uploads\/sites\/11\/2020\/08\/FB_IMG_1597849554222-225x300.jpg\" class=\"image wp-image-1059  attachment-medium size-medium\" alt=\"\" style=\"max-width: 100%; height: auto;\" srcset=\"https:\/\/reisen.reudnitzer-reisen.com\/reiseberichte\/wp-content\/uploads\/sites\/11\/2020\/08\/FB_IMG_1597849554222-225x300.jpg 225w, https:\/\/reisen.reudnitzer-reisen.com\/reiseberichte\/wp-content\/uploads\/sites\/11\/2020\/08\/FB_IMG_1597849554222.jpg 720w\" sizes=\"(max-width: 225px) 100vw, 225px\" \/><\/a><\/div><\/div><div id=\"pgc-1034-1-2\"  class=\"panel-grid-cell\" ><div id=\"panel-1034-1-2-0\" class=\"so-panel widget widget_media_image panel-first-child panel-last-child\" data-index=\"3\" ><a href=\"https:\/\/reisen.reudnitzer-reisen.com\/reiseberichte\/wp-content\/uploads\/sites\/11\/2020\/08\/FB_IMG_1597849428586.jpg\"><img loading=\"lazy\" decoding=\"async\" width=\"225\" height=\"300\" src=\"https:\/\/reisen.reudnitzer-reisen.com\/reiseberichte\/wp-content\/uploads\/sites\/11\/2020\/08\/FB_IMG_1597849428586-225x300.jpg\" class=\"image wp-image-1048  attachment-medium size-medium\" alt=\"\" style=\"max-width: 100%; height: auto;\" srcset=\"https:\/\/reisen.reudnitzer-reisen.com\/reiseberichte\/wp-content\/uploads\/sites\/11\/2020\/08\/FB_IMG_1597849428586-225x300.jpg 225w, https:\/\/reisen.reudnitzer-reisen.com\/reiseberichte\/wp-content\/uploads\/sites\/11\/2020\/08\/FB_IMG_1597849428586.jpg 720w\" sizes=\"(max-width: 225px) 100vw, 225px\" \/><\/a><\/div><\/div><div id=\"pgc-1034-1-3\"  class=\"panel-grid-cell\" ><div id=\"panel-1034-1-3-0\" class=\"so-panel widget widget_media_image panel-first-child panel-last-child\" data-index=\"4\" ><a href=\"https:\/\/reisen.reudnitzer-reisen.com\/reiseberichte\/wp-content\/uploads\/sites\/11\/2020\/08\/FB_IMG_1597849571941.jpg\"><img loading=\"lazy\" decoding=\"async\" width=\"225\" height=\"300\" src=\"https:\/\/reisen.reudnitzer-reisen.com\/reiseberichte\/wp-content\/uploads\/sites\/11\/2020\/08\/FB_IMG_1597849571941-225x300.jpg\" class=\"image wp-image-1060  attachment-medium size-medium\" alt=\"\" style=\"max-width: 100%; height: auto;\" srcset=\"https:\/\/reisen.reudnitzer-reisen.com\/reiseberichte\/wp-content\/uploads\/sites\/11\/2020\/08\/FB_IMG_1597849571941-225x300.jpg 225w, https:\/\/reisen.reudnitzer-reisen.com\/reiseberichte\/wp-content\/uploads\/sites\/11\/2020\/08\/FB_IMG_1597849571941.jpg 720w\" sizes=\"(max-width: 225px) 100vw, 225px\" \/><\/a><\/div><\/div><\/div><div id=\"pg-1034-2\"  class=\"panel-grid panel-no-style\" ><div id=\"pgc-1034-2-0\"  class=\"panel-grid-cell\" ><div id=\"panel-1034-2-0-0\" class=\"so-panel widget widget_text panel-first-child panel-last-child\" data-index=\"5\" >\t\t\t<div class=\"textwidget\"><p><strong>Los geht\u2019s\u2026<\/strong><br \/>\nF\u00fcr einen kurzen Urlaub von einer Woche wollten wir nicht weit fliegen, aber wir wollten Sonnenschein und diese Urlaubsstimmung.<br \/>\nDa fiel mir sofort Santorini ein, eine so romantische Insel muss erkundet werden. Wir sind direkt von M\u00fcnchen mit Condor ohne Umstieg auf die Insel geflogen. Um die Insel zu erkunden, haben wir einen kleinen Mietwagen im Voraus gebucht.<br \/>\nUnser <a href=\"http:\/\/bit.ly\/santorin-urlaub\"><em><strong>Hotel war das Andromeda Villas in Imerovigli<\/strong><\/em><\/a>, das Hotel wurde terrassenartig auf 8 Ebenen durch Stufen verbunden in die Kraterwand gebaut.<br \/>\nDa wir eine Junriorsuite gebucht hatten, wurde uns das Fr\u00fchst\u00fcck morgens auf das Zimmer\/Terrasse (mit Jacuzzi) gebracht.<br \/>\nDiese Aussicht w\u00e4hrend des Fr\u00fchst\u00fccks in privater Atmosph\u00e4re mit so liebevoll hergerichteten Fr\u00fchst\u00fcck werde ich niemals vergessen.<br \/>\nwei\u00dfe H\u00e4user, blaue D\u00e4cher und Meer<\/p>\n<p>Alle sch\u00f6nen Fotos, die Sie \u00fcber Santorini finden, sind von Oia. Die niedlichen wei\u00dfen H\u00e4user auf den Klippen, mit blauen D\u00e4chern, die engen kleinen Gassen und die zahlreichen Stufen sind absolut wundersch\u00f6n. Dies war der erste Ort, den wir erkundet haben. Die Hotels, Boutiquen, Restaurants, Clubs und Cafes liegen alle nebeneinander, \u00fcber oder untereinander. Gem\u00fctlich auf einer Klippe. Fira\u2026. die leuchtend wei\u00dfe Stadt am Kraterrand<\/p>\n<\/div>\n\t\t<\/div><\/div><\/div><div id=\"pg-1034-3\"  class=\"panel-grid panel-no-style\" ><div id=\"pgc-1034-3-0\"  class=\"panel-grid-cell\" ><div id=\"panel-1034-3-0-0\" class=\"so-panel widget widget_media_image panel-first-child panel-last-child\" data-index=\"6\" ><a href=\"https:\/\/reisen.reudnitzer-reisen.com\/reiseberichte\/wp-content\/uploads\/sites\/11\/2020\/08\/FB_IMG_1597849691001.jpg\"><img loading=\"lazy\" decoding=\"async\" width=\"300\" height=\"225\" src=\"https:\/\/reisen.reudnitzer-reisen.com\/reiseberichte\/wp-content\/uploads\/sites\/11\/2020\/08\/FB_IMG_1597849691001-300x225.jpg\" class=\"image wp-image-1044  attachment-medium size-medium\" alt=\"\" style=\"max-width: 100%; height: auto;\" srcset=\"https:\/\/reisen.reudnitzer-reisen.com\/reiseberichte\/wp-content\/uploads\/sites\/11\/2020\/08\/FB_IMG_1597849691001-300x225.jpg 300w, https:\/\/reisen.reudnitzer-reisen.com\/reiseberichte\/wp-content\/uploads\/sites\/11\/2020\/08\/FB_IMG_1597849691001-768x576.jpg 768w, https:\/\/reisen.reudnitzer-reisen.com\/reiseberichte\/wp-content\/uploads\/sites\/11\/2020\/08\/FB_IMG_1597849691001.jpg 960w\" sizes=\"(max-width: 300px) 100vw, 300px\" \/><\/a><\/div><\/div><div id=\"pgc-1034-3-1\"  class=\"panel-grid-cell\" ><div id=\"panel-1034-3-1-0\" class=\"so-panel widget widget_media_image panel-first-child panel-last-child\" data-index=\"7\" ><a href=\"https:\/\/reisen.reudnitzer-reisen.com\/reiseberichte\/wp-content\/uploads\/sites\/11\/2020\/08\/FB_IMG_1597849451664.jpg\"><img loading=\"lazy\" decoding=\"async\" width=\"300\" height=\"225\" src=\"https:\/\/reisen.reudnitzer-reisen.com\/reiseberichte\/wp-content\/uploads\/sites\/11\/2020\/08\/FB_IMG_1597849451664-300x225.jpg\" class=\"image wp-image-1051  attachment-medium size-medium\" alt=\"\" style=\"max-width: 100%; height: auto;\" srcset=\"https:\/\/reisen.reudnitzer-reisen.com\/reiseberichte\/wp-content\/uploads\/sites\/11\/2020\/08\/FB_IMG_1597849451664-300x225.jpg 300w, https:\/\/reisen.reudnitzer-reisen.com\/reiseberichte\/wp-content\/uploads\/sites\/11\/2020\/08\/FB_IMG_1597849451664-768x576.jpg 768w, https:\/\/reisen.reudnitzer-reisen.com\/reiseberichte\/wp-content\/uploads\/sites\/11\/2020\/08\/FB_IMG_1597849451664.jpg 960w\" sizes=\"(max-width: 300px) 100vw, 300px\" \/><\/a><\/div><\/div><div id=\"pgc-1034-3-2\"  class=\"panel-grid-cell\" ><div id=\"panel-1034-3-2-0\" class=\"so-panel widget widget_media_image panel-first-child panel-last-child\" data-index=\"8\" ><a href=\"https:\/\/reisen.reudnitzer-reisen.com\/reiseberichte\/wp-content\/uploads\/sites\/11\/2020\/08\/FB_IMG_1597849646066.jpg\"><img loading=\"lazy\" decoding=\"async\" width=\"300\" height=\"225\" src=\"https:\/\/reisen.reudnitzer-reisen.com\/reiseberichte\/wp-content\/uploads\/sites\/11\/2020\/08\/FB_IMG_1597849646066-300x225.jpg\" class=\"image wp-image-1066  attachment-medium size-medium\" alt=\"\" style=\"max-width: 100%; height: auto;\" srcset=\"https:\/\/reisen.reudnitzer-reisen.com\/reiseberichte\/wp-content\/uploads\/sites\/11\/2020\/08\/FB_IMG_1597849646066-300x225.jpg 300w, https:\/\/reisen.reudnitzer-reisen.com\/reiseberichte\/wp-content\/uploads\/sites\/11\/2020\/08\/FB_IMG_1597849646066-768x576.jpg 768w, https:\/\/reisen.reudnitzer-reisen.com\/reiseberichte\/wp-content\/uploads\/sites\/11\/2020\/08\/FB_IMG_1597849646066.jpg 960w\" sizes=\"(max-width: 300px) 100vw, 300px\" \/><\/a><\/div><\/div><\/div><div id=\"pg-1034-4\"  class=\"panel-grid panel-no-style\" ><div id=\"pgc-1034-4-0\"  class=\"panel-grid-cell\" ><div id=\"panel-1034-4-0-0\" class=\"so-panel widget widget_text panel-first-child\" data-index=\"9\" >\t\t\t<div class=\"textwidget\"><p><strong>Fira ist die Hauptstadt von Santorin<\/strong>, hat s\u00fc\u00dfe kleine Gassen mit Boutiquen, Restaurants, Cafes und nat\u00fcrlich wieder traumhafte Aussichten.<br \/>\nZudem finden Sie dort auch einige Museen und Galerien wie z.B.: das Arch\u00e4ologische Museum (2500 Jahr Kunstgeschichte in 2 S\u00e4len), Pr\u00e4historisches Museum (Funde aus den Ruinen von Akrotiri).<br \/>\nIch fand auch sehr interessant die Kreuzfahrtschiffe zusehen, durch die Besucher der Schiffe war es mittags recht trubelig, zum Abend hin wurde es dann wieder ruhiger und wir konnten in Ruhe den Sonnenuntergang genie\u00dfen.<\/p>\n<\/div>\n\t\t<\/div><div id=\"panel-1034-4-0-1\" class=\"so-panel widget widget_text\" data-index=\"10\" >\t\t\t<div class=\"textwidget\"><p><strong>Badeurlaub und Sightseeing<\/strong><\/p>\n<p>Die besten Str\u00e4nde f\u00fcr Strandg\u00e4nger sind Kamari und Perissa, an beiden Vulkanstr\u00e4nden ist schwarzer Sand.<br \/>\nSie k\u00f6nnen auch den White Beach oder Red Beach besuchen, diese sind auch nett, aber wir habe die 1. beiden Vulkanstr\u00e4nde vorgezogen.<br \/>\nDie beiden letzten Str\u00e4nde sind auch die ber\u00fchmtesten auf der Insel, deshalb sehr touristisch, viel besucht und fotografiert, Entspannung finden Sie dort weniger.<\/p>\n<\/div>\n\t\t<\/div><div id=\"panel-1034-4-0-2\" class=\"so-panel widget widget_text\" data-index=\"11\" >\t\t\t<div class=\"textwidget\"><p><strong>Meine Empfehlung:<\/strong><br \/>\nSchauen Sie sich die beiden Str\u00e4nde (Red &amp; White Beach) auf dem Weg zum Leuchtturm (ein toller Aussichtspunkt bei Tag und Nacht) oder wenn Sie die Ausgrabungen von Akrotiri besuchen m\u00f6chten an. Die Ausgrabungen der \u00e4ltesten Stadt Europas sind selbst f\u00fcr extreme Archiologiemuffel das Geld wert. Wir haben uns den Leuchtturm, die Ausgrabungen und die Str\u00e4nde an einem Tag angeschaut, ein perfekter Tagesausflug.<br \/>\n<strong>Emporio<\/strong><br \/>\nViele Touristen steuern nur Fira und Oia an, dabei sollte man Emporio auch gesehen haben!<br \/>\nDer Ort scheint unscheinbar, aber da ist ein kleines Hinweisschild zum &#8222;Kastelli&#8220; an der Schule. Laut Reisef\u00fchrer eine Burganlage zum Schutz von Piraten, in die sich die Bewohner im Falle eines \u00dcberfalles fl\u00fcchteten. Erst einige steile Stra\u00dfen und Treppen sp\u00e4ter, finden Sie sich in kaum Schulterbreiten G\u00e4sschen wieder, verwinkelt wie ein Labyrinth, Wege die ins Nichts f\u00fchren, unerwartete Ausblicke, T\u00fcre 3 m \u00fcber dem Boden, mittendrin pl\u00f6tzlich eine gro\u00dfe Kirche. Nur teilweise bewohnte alte H\u00e4user, aber noch nicht verfallen. Dort kann man prima in Ruhe herumstreifen und herrliche Fotos machen.<\/p>\n<\/div>\n\t\t<\/div><div id=\"panel-1034-4-0-3\" class=\"so-panel widget widget_text\" data-index=\"12\" >\t\t\t<div class=\"textwidget\"><p><strong>Mein Fazit zu Santorini<\/strong><br \/>\nIch bin froh und so dankbar, dass ich Santorini gesehen habe und die Insel ist mit Sicherheit einen Besuch wert.<br \/>\nEinmal live den Blick \u00fcber die wei\u00dfen H\u00e4user und die Caldera zu erleben, ist ein atemberaubendes Erlebnis.<\/p>\n<\/div>\n\t\t<\/div><div id=\"panel-1034-4-0-4\" class=\"so-panel widget widget_text panel-last-child\" data-index=\"13\" >\t\t\t<div class=\"textwidget\"><p><b>M\u00f6chten Sie n\u00e4here Informationen zu Santorini und\/oder den besuchten <a href=\"http:\/\/bit.ly\/santorin-urlaub\">Hotel<\/a>? Dann vereinbaren Sie mit Ihren Reiseberater einen Termin, wir freuen uns auf Sie!<\/b><\/p>\n<\/div>\n\t\t<\/div><\/div><\/div><div id=\"pg-1034-5\"  class=\"panel-grid panel-no-style\" ><div id=\"pgc-1034-5-0\"  class=\"panel-grid-cell panel-grid-cell-empty\" ><\/div><\/div><\/div>","protected":false},"excerpt":{"rendered":"<p>Die Insel der wei\u00dfen H\u00e4user und blauen D\u00e4cher. Ich habe die griechische Insel Anfang Mai 2019 besucht. Eine Woche mit unglaublichen Sonnenunterg\u00e4ngen, Geschichte und atemberaubenden Panoramaaussichten. Ort &amp; Geschichte Santorini (offiziell bekannt als Thira) geh\u00f6rt zur kykladischen Inselgruppe an der <a href=\"https:\/\/reisen.reudnitzer-reisen.com\/reiseberichte\/nancy-petzold\/reisebericht-santorini\/\"> more&#8230;<\/a><\/p>\n","protected":false},"author":1,"featured_media":0,"parent":352,"menu_order":1,"comment_status":"closed","ping_status":"closed","template":"","meta":{"footnotes":""},"_links":{"self":[{"href":"https:\/\/reisen.reudnitzer-reisen.com\/reiseberichte\/wp-json\/wp\/v2\/pages\/1034"}],"collection":[{"href":"https:\/\/reisen.reudnitzer-reisen.com\/reiseberichte\/wp-json\/wp\/v2\/pages"}],"about":[{"href":"https:\/\/reisen.reudnitzer-reisen.com\/reiseberichte\/wp-json\/wp\/v2\/types\/page"}],"author":[{"embeddable":true,"href":"https:\/\/reisen.reudnitzer-reisen.com\/reiseberichte\/wp-json\/wp\/v2\/users\/1"}],"replies":[{"embeddable":true,"href":"https:\/\/reisen.reudnitzer-reisen.com\/reiseberichte\/wp-json\/wp\/v2\/comments?post=1034"}],"version-history":[{"count":30,"href":"https:\/\/reisen.reudnitzer-reisen.com\/reiseberichte\/wp-json\/wp\/v2\/pages\/1034\/revisions"}],"predecessor-version":[{"id":1091,"href":"https:\/\/reisen.reudnitzer-reisen.com\/reiseberichte\/wp-json\/wp\/v2\/pages\/1034\/revisions\/1091"}],"up":[{"embeddable":true,"href":"https:\/\/reisen.reudnitzer-reisen.com\/reiseberichte\/wp-json\/wp\/v2\/pages\/352"}],"wp:attachment":[{"href":"https:\/\/reisen.reudnitzer-reisen.com\/reiseberichte\/wp-json\/wp\/v2\/media?parent=1034"}],"curies":[{"name":"wp","href":"https:\/\/api.w.org\/{rel}","templated":true}]}}